{"id":140,"date":"2020-05-22T12:06:31","date_gmt":"2020-05-22T10:06:31","guid":{"rendered":"https:\/\/tituloexpertohechojacobeo.wordpress.com\/?page_id=140"},"modified":"2024-07-23T16:37:37","modified_gmt":"2024-07-23T16:37:37","slug":"profesorado","status":"publish","type":"page","link":"https:\/\/hechojacobeo.itcdesantiago.org\/index.php\/profesorado\/","title":{"rendered":"Profesorado"},"content":{"rendered":"\r\n<figure class=\"wp-block-image size-large\"><img loading=\"lazy\" decoding=\"async\" width=\"640\" height=\"426\" class=\"wp-image-88\" src=\"https:\/\/i0.wp.com\/hechojacobeo.itcdesantiago.org\/wp-content\/uploads\/2020\/05\/mestre-mateo_2.3_022.jpg?resize=640%2C426&#038;ssl=1\" alt=\"\" srcset=\"https:\/\/i0.wp.com\/hechojacobeo.itcdesantiago.org\/wp-content\/uploads\/2020\/05\/mestre-mateo_2.3_022.jpg?w=740&amp;ssl=1 740w, https:\/\/i0.wp.com\/hechojacobeo.itcdesantiago.org\/wp-content\/uploads\/2020\/05\/mestre-mateo_2.3_022.jpg?resize=300%2C200&amp;ssl=1 300w\" sizes=\"(max-width: 640px) 100vw, 640px\" data-recalc-dims=\"1\" \/>\r\n<figcaption>\u00a9Fundaci\u00f3n Catedral de Santiago. Fotograf\u00edas: Den\u00eds E. F.<\/figcaption>\r\n<\/figure>\r\n\r\n\r\n\r\n<p style=\"text-align: justify;\"><strong><img loading=\"lazy\" decoding=\"async\" class=\"wp-image-216 alignleft\" src=\"https:\/\/i0.wp.com\/hechojacobeo.itcdesantiago.org\/wp-content\/uploads\/2020\/06\/resized_Jos\u00e9-Antonio-Castro.jpg?resize=163%2C223&#038;ssl=1\" alt=\"\" width=\"163\" height=\"223\" data-recalc-dims=\"1\" \/>Jos\u00e9 Antonio Castro Lodeiro<\/strong>: Director del Instituto Teol\u00f3gico Compostelano. Doctor en Teolog\u00eda B\u00edblica. Profesor de materias del Antiguo Testamento y lenguas del Oriente b\u00edblico (sumerio, acadio y hebreo) en Santiago y en el Instituto B\u00edblico y Oriental (IBO). Sus cursos se centran en el trasfondo cultural mesopot\u00e1mico de la Biblia y el fen\u00f3meno de la peregrinaci\u00f3n en el mundo antiguo.<\/p>\r\n\r\n\r\n\r\n<p>&nbsp;<\/p>\r\n<p style=\"text-align: justify;\"><strong>Andr\u00e9s Fern\u00e1ndez Farto<\/strong>: Doctor en <img loading=\"lazy\" decoding=\"async\" class=\" wp-image-208 alignright\" style=\"text-align: justify;\" src=\"https:\/\/i0.wp.com\/hechojacobeo.itcdesantiago.org\/wp-content\/uploads\/2020\/06\/Andr\u00e9s-1.png?resize=279%2C186&#038;ssl=1\" alt=\"\" width=\"279\" height=\"186\" data-recalc-dims=\"1\" \/>Teolog\u00eda y Ciencias Patr\u00edsticas por la<span style=\"text-align: justify;\">\u00a0Universidad Lateranense (Roma), Licenciado en Filosof\u00eda por la UPSA. Profesor de materias teol\u00f3gicas y filos\u00f3ficas en el ITC y del M\u00e1ster de Doctrina Social de la Iglesia de la UPSA en Madrid. Experto en el fen\u00f3meno religioso de la peregrinaci\u00f3n.<\/span><\/p>\r\n\r\n\r\n\r\n<p>&nbsp;<\/p>\r\n<p style=\"text-align: justify;\"><strong><img loading=\"lazy\" decoding=\"async\" class=\" wp-image-234 alignleft\" src=\"https:\/\/i0.wp.com\/hechojacobeo.itcdesantiago.org\/wp-content\/uploads\/2020\/07\/David.jpg?resize=290%2C220&#038;ssl=1\" alt=\"\" width=\"290\" height=\"220\" data-recalc-dims=\"1\" \/>David Chao Castro<\/strong>: Doctor en Historia del Arte y profesor contratado en la Facultad de Historia de la USC. Experto en arte y cultura medievales de Europa. Imparte cursos de Historia del Arte y muse\u00edstica dentro del M\u00e1ster Universitario de Gesti\u00f3n del Patrimonio Art\u00edstico y Arquitect\u00f3nico, Museos y Mercado del Arte.<\/p>\r\n<p>&nbsp;<\/p>\r\n\r\n\r\n\r\n<p style=\"text-align: justify;\"><strong>Dolores Fraga Sampedro<\/strong>: Profesora titular en Historia del Arte de la USC. Destaca su labor investigadora en el conocimiento del arte franciscano en Galicia. Realiz\u00f3 numerosas estancias investigadoras en el Archivo Hist\u00f3rico Nacional, en el Centro de Studi Francescani de As\u00eds y en la Biblioteca Nacional de Madrid. Sus numerosas publicaciones giran en torno al arte medieval.<\/p>\r\n<p>&nbsp;<\/p>\r\n<p style=\"text-align: justify;\"><strong><img loading=\"lazy\" decoding=\"async\" class=\"size-medium wp-image-226 alignleft\" src=\"https:\/\/i0.wp.com\/hechojacobeo.itcdesantiago.org\/wp-content\/uploads\/2020\/07\/resized_Ram\u00f3n.jpg?resize=300%2C200&#038;ssl=1\" alt=\"\" width=\"300\" height=\"200\" srcset=\"https:\/\/i0.wp.com\/hechojacobeo.itcdesantiago.org\/wp-content\/uploads\/2020\/07\/resized_Ram\u00f3n.jpg?resize=300%2C200&amp;ssl=1 300w, https:\/\/i0.wp.com\/hechojacobeo.itcdesantiago.org\/wp-content\/uploads\/2020\/07\/resized_Ram\u00f3n.jpg?resize=1024%2C683&amp;ssl=1 1024w, https:\/\/i0.wp.com\/hechojacobeo.itcdesantiago.org\/wp-content\/uploads\/2020\/07\/resized_Ram\u00f3n.jpg?resize=768%2C512&amp;ssl=1 768w, https:\/\/i0.wp.com\/hechojacobeo.itcdesantiago.org\/wp-content\/uploads\/2020\/07\/resized_Ram\u00f3n.jpg?resize=900%2C600&amp;ssl=1 900w, https:\/\/i0.wp.com\/hechojacobeo.itcdesantiago.org\/wp-content\/uploads\/2020\/07\/resized_Ram\u00f3n.jpg?resize=1280%2C853&amp;ssl=1 1280w, https:\/\/i0.wp.com\/hechojacobeo.itcdesantiago.org\/wp-content\/uploads\/2020\/07\/resized_Ram\u00f3n.jpg?w=1296&amp;ssl=1 1296w\" sizes=\"(max-width: 300px) 100vw, 300px\" data-recalc-dims=\"1\" \/>Ram\u00f3n Yzquierdo Peir\u00f3<\/strong>\u00a0(Santiago de Compostela, 1972): Desde el a\u00f1o 2009, desempe\u00f1a el puesto de Director T\u00e9cnico del Museo Catedral de Santiago, instituci\u00f3n de la que era Conservador desde el a\u00f1o 2004. Es Doctor en Historia del Arte por la Universidad de Santiago de Compostela, con una tesis doctoral centrada en el estudio de las colecciones art\u00edsticas de la catedral de Santiago, dirigida por el Catedr\u00e1tico Jos\u00e9 Manuel Garc\u00eda Iglesias. <br \/>As\u00ed mismo, es Licenciado en Geograf\u00eda e Historia, especialidad en Historia del Arte, por la misma Universidad; M\u00e1ster en Gesti\u00f3n y Conservaci\u00f3n de Bienes Culturales por la Universidad de A Coru\u00f1a; Experto universitario en Interpretaci\u00f3n ambiental y del patrimonio cultural por las Universidades Oberta de Catalu\u00f1a y de las Islas Baleares; y Especialista en conservaci\u00f3n de Bienes Culturales por el Instituto del Patrimonio Hist\u00f3rico Espa\u00f1ol (Ministerio de Cultura). Ha completado su formaci\u00f3n en museolog\u00eda, gesti\u00f3n y conservaci\u00f3n del patrimonio cultural con becas de especializaci\u00f3n e investigaci\u00f3n del Ministerio de Cultura, de la Xunta de Galicia y de la Diputaci\u00f3n provincial de A Coru\u00f1a. <br \/>Entre otras exposiciones temporales, ha sido Comisario y director de edici\u00f3n del cat\u00e1logo de Maestro Mateo, muestra celebrada entre los a\u00f1os 2016 y 2018 en el Museo Nacional del Prado y en el Museo Catedral de Santiago. Su actividad investigadora se centra, fundamentalmente, en el estudio de los fondos art\u00edsticos de la catedral, en particular, en el proyecto mateano y en la colecci\u00f3n de tapices, siendo autor de numerosos art\u00edculos cient\u00edficos y divulgativos, cap\u00edtulos de libros y monograf\u00edas, entre las que destaca Los tesoros de la catedral de Santiago.<\/p>\r\n<p>&nbsp;<\/p>\r\n<p style=\"text-align: justify;\"><strong>Marta Cend\u00f3n Fern\u00e1ndez:<\/strong> Profesora Titular de Historia del Arte en la<img loading=\"lazy\" decoding=\"async\" class=\"alignright size-medium wp-image-228\" src=\"https:\/\/i0.wp.com\/hechojacobeo.itcdesantiago.org\/wp-content\/uploads\/2020\/07\/Marta.jpg?resize=300%2C200&#038;ssl=1\" alt=\"\" width=\"300\" height=\"200\" srcset=\"https:\/\/i0.wp.com\/hechojacobeo.itcdesantiago.org\/wp-content\/uploads\/2020\/07\/Marta-scaled.jpg?resize=300%2C200&amp;ssl=1 300w, https:\/\/i0.wp.com\/hechojacobeo.itcdesantiago.org\/wp-content\/uploads\/2020\/07\/Marta-scaled.jpg?resize=1024%2C683&amp;ssl=1 1024w, https:\/\/i0.wp.com\/hechojacobeo.itcdesantiago.org\/wp-content\/uploads\/2020\/07\/Marta-scaled.jpg?resize=768%2C512&amp;ssl=1 768w, https:\/\/i0.wp.com\/hechojacobeo.itcdesantiago.org\/wp-content\/uploads\/2020\/07\/Marta-scaled.jpg?resize=1536%2C1024&amp;ssl=1 1536w, https:\/\/i0.wp.com\/hechojacobeo.itcdesantiago.org\/wp-content\/uploads\/2020\/07\/Marta-scaled.jpg?resize=2048%2C1365&amp;ssl=1 2048w, https:\/\/i0.wp.com\/hechojacobeo.itcdesantiago.org\/wp-content\/uploads\/2020\/07\/Marta-scaled.jpg?resize=900%2C600&amp;ssl=1 900w, https:\/\/i0.wp.com\/hechojacobeo.itcdesantiago.org\/wp-content\/uploads\/2020\/07\/Marta-scaled.jpg?resize=1280%2C853&amp;ssl=1 1280w, https:\/\/i0.wp.com\/hechojacobeo.itcdesantiago.org\/wp-content\/uploads\/2020\/07\/Marta-scaled.jpg?w=1920&amp;ssl=1 1920w\" sizes=\"(max-width: 300px) 100vw, 300px\" data-recalc-dims=\"1\" \/> Universidad de Santiago de Compostela. Ha publicado diversos art\u00edculos y cap\u00edtulos de libros sobre la catedral de Tui, la imagen de la nobleza en la Edad Media gallega, la escultura funeraria de obispos, y otros temas enmarcados siempre en el medievo: la idea de la muerte, y aspectos iconogr\u00e1ficos vinculados con la naturaleza, la vida cotidiana, la mujer, peregrinaci\u00f3n, hagiograf\u00eda, y devociones. Asimismo ha participado en m\u00faltiples congresos, cursos y simposios en Espa\u00f1a, Portugal, Francia, Marruecos, Brasil, Uruguay y Argentina.<\/p>\r\n<p>&nbsp;<\/p>\r\n\r\n\r\n\r\n<p style=\"text-align: justify;\"><strong><img loading=\"lazy\" decoding=\"async\" class=\" wp-image-215 alignleft\" src=\"https:\/\/i0.wp.com\/hechojacobeo.itcdesantiago.org\/wp-content\/uploads\/2020\/06\/resized_domingo_luis_gonzalez_lopo.jpg?resize=162%2C237&#038;ssl=1\" alt=\"\" width=\"162\" height=\"237\" data-recalc-dims=\"1\" \/>Domingo Gonz\u00e1lez Lopo<\/strong>: Profesor titular de la Facultad de Historia en la USC. Experto en historia moderna y el hecho jacobeo. Dirigi\u00f3 durante los \u00faltimos a\u00f1os la C\u00e1tedra del Camino de Santiago y de las Peregrinaciones, el proyecto acad\u00e9mico m\u00e1s importante impulsado por el Plan director del Camino de Santiago y que se dedica a la investigaci\u00f3n, comunicaci\u00f3n y divulgaci\u00f3n de la ruta jacobea.<\/p>\r\n<p>&nbsp;<\/p>\r\n\r\n\r\n\r\n<p><img loading=\"lazy\" decoding=\"async\" class=\" wp-image-210 alignright\" src=\"https:\/\/i0.wp.com\/hechojacobeo.itcdesantiago.org\/wp-content\/uploads\/2020\/06\/Elisardo-2.jpeg?resize=175%2C230&#038;ssl=1\" alt=\"\" width=\"175\" height=\"230\" data-recalc-dims=\"1\" \/><\/p>\r\n<p style=\"text-align: justify;\"><strong>Elisardo Temper\u00e1n Villaverde<\/strong>: Doctor en Sagrada Liturgia por el Pontificio\u00a0Ateneo San Anselmo (Roma). Formaci\u00f3n en biblioteconom\u00eda por la Biblioteca Apost\u00f3lica Vaticana y en Archiv\u00edstica por el Archivo Secreto Vaticano. Profesor en el ITC. Autor de diversas publicaciones en torno a la liturgia de Santiago de Compostela, el acercamiento a las fuentes del culto jacobeo y el C\u00f3dice Calixtino de la Catedral de Santiago.<\/p>\r\n<p>&nbsp;<\/p>\r\n\r\n\r\n\r\n<p style=\"text-align: justify;\"><strong><img loading=\"lazy\" decoding=\"async\" class=\" wp-image-211 alignleft\" src=\"https:\/\/i0.wp.com\/hechojacobeo.itcdesantiago.org\/wp-content\/uploads\/2020\/06\/Eugenia-Mu\u00f1oz.jpeg?resize=244%2C185&#038;ssl=1\" alt=\"\" width=\"244\" height=\"185\" data-recalc-dims=\"1\" \/><\/strong><\/p>\r\n<p style=\"text-align: justify;\"><strong>Eugenia Mu\u00f1oz Fern\u00e1ndez:<\/strong> Es Licenciada en Geograf\u00eda e Historia (Complutense) y Licenciada en Filolog\u00eda del Antiguo Oriente y Egipto Antiguo (Universidad Cat\u00f3lica de Lovaina). Realiz\u00f3 estudios de doctorado (DEA) tanto en Historia Antigua (Complutense) como en Egiptolog\u00eda (EPHE, La Sorbona Par\u00eds). Se form\u00f3 en Gesti\u00f3n cultural en la UOC donde curs\u00f3 estudios de postgrado en Proyectos Culturales. Actualmente comparte la actividad docente (UPSA, ISCCR de Santiago de Compostela e\u00a0Instituto B\u00edblico y Oriental) con la investigaci\u00f3n (Tesis inscrita en UV) y la gesti\u00f3n cultural que ejerce desde el a\u00f1o 2004. En este momento es Directora de Proyectos de Turismo-Cultural en el ayuntamiento de Xunqueira de Espadanedo, Ribeira Sacra.<\/p>\r\n<p>&nbsp;<\/p>\r\n\r\n\r\n\r\n<p><img loading=\"lazy\" decoding=\"async\" class=\" wp-image-212 alignright\" style=\"text-align: justify;\" src=\"https:\/\/i0.wp.com\/hechojacobeo.itcdesantiago.org\/wp-content\/uploads\/2020\/06\/Fran.jpeg?resize=166%2C217&#038;ssl=1\" alt=\"\" width=\"166\" height=\"217\" data-recalc-dims=\"1\" \/><\/p>\r\n<p style=\"text-align: justify;\"><strong>Francisco Buide del Real<\/strong>: Doctor en Historia de la Iglesia por la Universidad\u00a0Pontificia Gregoriana (Roma) y profesor del Instituto Teol\u00f3gico Compostelano donde destacan los cursos que imparte centrados en la cuesti\u00f3n jacobea. Desde el a\u00f1o 2015 es tambi\u00e9n el Archivero-Bibliotecario del Archivo-Biblioteca de la Catedral de Santiago.<\/p>\r\n<p>&nbsp;<\/p>\r\n\r\n\r\n\r\n\r\n\r\n<p><img loading=\"lazy\" decoding=\"async\" class=\"wp-image-213 alignleft\" style=\"font-weight: bold;\" src=\"https:\/\/i0.wp.com\/hechojacobeo.itcdesantiago.org\/wp-content\/uploads\/2020\/06\/Manolo.jpg?resize=239%2C178&#038;ssl=1\" alt=\"\" width=\"239\" height=\"178\" data-recalc-dims=\"1\" \/><\/p>\r\n<p style=\"text-align: justify;\"><strong>Manuel Garrido Rivero<\/strong>:Historiador y autor de libros y art\u00edculos relativos al Camino de Santiago. Ha escrito la primera gu\u00eda pr\u00e1ctica del Camino Portugu\u00e9s. Ha participado en la redacci\u00f3n de la Gran Enciclopedia del Camino de Santiago. Fue directivo de la Asociaci\u00f3n Galega de Amigos do Cami\u00f1o de Santiago y socio fundador de la Fraternidad Internacional del Camino de Santiago (FICS).<\/p>\r\n<p>&nbsp;<\/p>\r\n<p style=\"text-align: justify;\"><strong><img loading=\"lazy\" decoding=\"async\" class=\"wp-image-209 alignright\" src=\"https:\/\/i0.wp.com\/hechojacobeo.itcdesantiago.org\/wp-content\/uploads\/2020\/06\/Cristina.jpg?resize=134%2C262&#038;ssl=1\" alt=\"\" width=\"134\" height=\"262\" data-recalc-dims=\"1\" \/>Mar\u00eda Cristina Carballedo Penelas<\/strong>: Licenciada en Geograf\u00eda e Historia por la USC. Realiz\u00f3 varios cursos de doctorado en Arqueolog\u00eda e Historia de la Antig\u00fcedad y formaci\u00f3n en TIC. Su actividad profesional se centra en el \u00e1mbito del turismo cultural siendo gu\u00eda especializada de Galicia. Ha sido comisaria de varias exposiciones centradas en la tem\u00e1tica del Camino de Santiago.<\/p>\r\n<p>&nbsp;<\/p>\r\n<p>&nbsp;<\/p>\r\n\r\n\r\n\r\n\r\n\r\n<p><img loading=\"lazy\" decoding=\"async\" class=\"wp-image-214 alignleft\" style=\"text-align: justify;\" src=\"https:\/\/i0.wp.com\/hechojacobeo.itcdesantiago.org\/wp-content\/uploads\/2020\/06\/Miguel.jpeg?resize=165%2C217&#038;ssl=1\" alt=\"\" width=\"165\" height=\"217\" data-recalc-dims=\"1\" \/><\/p>\r\n<p style=\"text-align: justify;\"><strong>Miguel de la Mata Merayo<\/strong>: Licenciado en Ciencias de <span style=\"text-align: justify;\">la Educaci\u00f3n por la Universidad Pontificia Salesiana (Roma). Es profesor de Teolog\u00eda Pastoral y Pedagog\u00eda y Did\u00e1ctica de la Religi\u00f3n, y Psicolog\u00eda Evolutiva en el ITC. Imparte por toda la geograf\u00eda espa\u00f1ola cursos de acompa\u00f1amiento espiritual.<\/span><\/p>\r\n<p>&nbsp;<\/p>\r\n\r\n\r\n\r\n<p>&nbsp;<\/p>\r\n\r\n\r\n\r\n<p style=\"text-align: justify;\">\u00a0<\/p>\r\n","protected":false},"excerpt":{"rendered":"<p>Jos\u00e9 Antonio Castro Lodeiro: Director del Instituto Teol\u00f3gico Compostelano. Doctor en Teolog\u00eda B\u00edblica. Profesor de materias del Antiguo Testamento y lenguas del Oriente b\u00edblico (sumerio, acadio y hebreo) en Santiago y en el Instituto B\u00edblico y Oriental (IBO). Sus cursos se centran en el trasfondo cultural mesopot\u00e1mico de la Biblia y el fen\u00f3meno de la &hellip; <\/p>\n<p><a href=\"https:\/\/hechojacobeo.itcdesantiago.org\/index.php\/profesorado\/\" class=\"more-link\">Sigue leyendo <span class=\"screen-reader-text\">Profesorado<\/span><\/a><\/p>\n","protected":false},"author":2,"featured_media":0,"parent":0,"menu_order":0,"comment_status":"closed","ping_status":"closed","template":"","meta":{"footnotes":""},"class_list":["post-140","page","type-page","status-publish","hentry"],"jetpack_sharing_enabled":true,"_links":{"self":[{"href":"https:\/\/hechojacobeo.itcdesantiago.org\/index.php\/wp-json\/wp\/v2\/pages\/140"}],"collection":[{"href":"https:\/\/hechojacobeo.itcdesantiago.org\/index.php\/wp-json\/wp\/v2\/pages"}],"about":[{"href":"https:\/\/hechojacobeo.itcdesantiago.org\/index.php\/wp-json\/wp\/v2\/types\/page"}],"author":[{"embeddable":true,"href":"https:\/\/hechojacobeo.itcdesantiago.org\/index.php\/wp-json\/wp\/v2\/users\/2"}],"replies":[{"embeddable":true,"href":"https:\/\/hechojacobeo.itcdesantiago.org\/index.php\/wp-json\/wp\/v2\/comments?post=140"}],"version-history":[{"count":16,"href":"https:\/\/hechojacobeo.itcdesantiago.org\/index.php\/wp-json\/wp\/v2\/pages\/140\/revisions"}],"predecessor-version":[{"id":396,"href":"https:\/\/hechojacobeo.itcdesantiago.org\/index.php\/wp-json\/wp\/v2\/pages\/140\/revisions\/396"}],"wp:attachment":[{"href":"https:\/\/hechojacobeo.itcdesantiago.org\/index.php\/wp-json\/wp\/v2\/media?parent=140"}],"curies":[{"name":"wp","href":"https:\/\/api.w.org\/{rel}","templated":true}]}}